{"id":156845,"date":"2025-05-23T01:20:24","date_gmt":"2025-05-23T01:20:24","guid":{"rendered":"https:\/\/groupelykke.com\/puertas-abiertas\/"},"modified":"2025-09-11T18:39:52","modified_gmt":"2025-09-11T18:39:52","slug":"puertas-abiertas","status":"publish","type":"page","link":"https:\/\/groupelykke.com\/es\/puertas-abiertas\/","title":{"rendered":"Puertas abiertas"},"content":{"rendered":"<div class=\"wpb-content-wrapper\"><p>[vc_row row_height_percent=\u00bb40&#8243; override_padding=\u00bbyes\u00bb h_padding=\u00bb2&#8243; top_padding=\u00bb5&#8243; bottom_padding=\u00bb5&#8243; back_color=\u00bbcolor-wayh\u00bb back_image=\u00bb155956&#8243; overlay_color=\u00bbaccent\u00bb overlay_alpha=\u00bb50&#8243; gutter_size=\u00bb3&#8243; column_width_percent=\u00bb100&#8243; shift_y=\u00bb0&#8243; z_index=\u00bb0&#8243; top_divider=\u00bbgradient\u00bb content_parallax=\u00bb0&#8243; uncode_shortcode_id=\u00bb874059&#8243; back_color_type=\u00bbuncode-palette\u00bb overlay_color_type=\u00bbuncode-palette\u00bb][vc_column column_width_percent=\u00bb100&#8243; position_vertical=\u00bbmiddle\u00bb gutter_size=\u00bb2&#8243; style=\u00bbdark\u00bb overlay_alpha=\u00bb50&#8243; shift_x=\u00bb0&#8243; shift_y=\u00bb0&#8243; shift_y_down=\u00bb0&#8243; z_index=\u00bb0&#8243; medium_width=\u00bb0&#8243; mobile_width=\u00bb0&#8243; width=\u00bb1\/1&#8243;][vc_custom_heading text_color=\u00bbcolor-xsdn\u00bb heading_semantic=\u00bbh1&#8243; text_size=\u00bbh5&#8243; text_transform=\u00bbuppercase\u00bb uncode_shortcode_id=\u00bb180685&#8243; text_color_type=\u00bbuncode-palette\u00bb]Jornada de puertas abiertas[\/vc_custom_heading][vc_custom_heading text_color=\u00bbcolor-xsdn\u00bb heading_semantic=\u00bbdiv\u00bb text_size=\u00bbcustom\u00bb uncode_shortcode_id=\u00bb156940&#8243; text_color_type=\u00bbuncode-palette\u00bb heading_custom_size=\u00bbclamp(30px, 5vw, 60px);\u00bb]<span style=\"font-weight: 400;\">Acomp\u00e1\u00f1anos en nuestra 2\u00aa jornada de puertas abiertas el domingo 21 de septiembre de 2025 en Chertsey, en la finca Sommets des Montagnes.<\/span>[\/vc_custom_heading][vc_empty_space][\/vc_column][\/vc_row][vc_row unlock_row_content=\u00bbyes\u00bb row_height_percent=\u00bb0&#8243; override_padding=\u00bbyes\u00bb h_padding=\u00bb7&#8243; top_padding=\u00bb5&#8243; bottom_padding=\u00bb3&#8243; overlay_alpha=\u00bb50&#8243; gutter_size=\u00bb4&#8243; column_width_percent=\u00bb100&#8243; shift_y=\u00bb0&#8243; z_index=\u00bb0&#8243; content_parallax=\u00bb0&#8243; uncode_shortcode_id=\u00bb621486&#8243;][vc_column column_width_percent=\u00bb100&#8243; gutter_size=\u00bb4&#8243; overlay_alpha=\u00bb50&#8243; shift_x=\u00bb0&#8243; shift_y=\u00bb0&#8243; shift_y_down=\u00bb0&#8243; z_index=\u00bb0&#8243; medium_width=\u00bb0&#8243; mobile_width=\u00bb0&#8243; width=\u00bb2\/3&#8243; uncode_shortcode_id=\u00bb182665&#8243;][vc_custom_heading text_size=\u00bbcustom\u00bb uncode_shortcode_id=\u00bb678547&#8243; heading_custom_size=\u00bbclamp(20px,5vw,30px)\u00bb]El Grupo Lykke e Immolean te invitan a descubrir Domaine Sommets des Montagnes en una exclusiva jornada de puertas abiertas. Situado en la magn\u00edfica regi\u00f3n de Chertsey, a las afueras de Rawdon y a s\u00f3lo 60 minutos de Montreal, este excepcional proyecto residencial te ofrece la oportunidad de poseer un terreno y un chalet en plena naturaleza.[\/vc_custom_heading][vc_separator sep_color=\u00bb\u00bb uncode_shortcode_id=\u00bb473947&#8243;][\/vc_column][vc_column width=\u00bb1\/3&#8243;][vc_raw_html]W3dmZWEgbGF5b3V0PSJjYXJkIiByZWFkbW9yZV90ZXh0PSJMaXJlIGxhIHN1aXRlIiB0aHVtYl9kZWZhdWx0PSJodHRwczovL2dyb3VwZWx5a2tlLmNvbS93cC1jb250ZW50L3VwbG9hZHMvMjAyNS8wNC9mb3JldC1zY2FsZWQuYXZpZiIgYm9va25vd190ZXh0PSJTJ2luc2NyaXJlIiB0aHVtYl9vcmlnaW5hbD0idHJ1ZSJd[\/vc_raw_html][\/vc_column][\/vc_row][vc_row unlock_row_content=\u00bbyes\u00bb row_height_percent=\u00bb0&#8243; override_padding=\u00bbyes\u00bb h_padding=\u00bb7&#8243; top_padding=\u00bb0&#8243; bottom_padding=\u00bb5&#8243; overlay_alpha=\u00bb50&#8243; gutter_size=\u00bb6&#8243; column_width_percent=\u00bb100&#8243; shift_y=\u00bb0&#8243; z_index=\u00bb0&#8243; content_parallax=\u00bb0&#8243; uncode_shortcode_id=\u00bb652707&#8243;][vc_column column_width_percent=\u00bb100&#8243; gutter_size=\u00bb3&#8243; overlay_alpha=\u00bb50&#8243; shift_x=\u00bb0&#8243; shift_y=\u00bb0&#8243; shift_y_down=\u00bb0&#8243; z_index=\u00bb0&#8243; medium_width=\u00bb0&#8243; mobile_width=\u00bb0&#8243; width=\u00bb1\/1&#8243; uncode_shortcode_id=\u00bb122757&#8243;][vc_row_inner row_inner_height_percent=\u00bb0&#8243; overlay_alpha=\u00bb50&#8243; gutter_size=\u00bb5&#8243; shift_y=\u00bb0&#8243; z_index=\u00bb0&#8243; limit_content=\u00bb\u00bb uncode_shortcode_id=\u00bb715031&#8243;][vc_column_inner width=\u00bb5\/12&#8243;][vc_custom_heading heading_semantic=\u00bbh3&#8243; text_size=\u00bbh3&#8243; uncode_shortcode_id=\u00bb249331&#8243;]\ud83d\udcc5 DOMINGO 21 DE SEPTIEMBRE DE 2025[\/vc_custom_heading][\/vc_column_inner][vc_column_inner column_width_percent=\u00bb100&#8243; gutter_size=\u00bb2&#8243; overlay_alpha=\u00bb50&#8243; shift_x=\u00bb0&#8243; shift_y=\u00bb0&#8243; shift_y_down=\u00bb0&#8243; z_index=\u00bb0&#8243; medium_width=\u00bb0&#8243; mobile_width=\u00bb0&#8243; width=\u00bb6\/12&#8243; uncode_shortcode_id=\u00bb129883&#8243;][vc_custom_heading text_color=\u00bbcolor-wvjs\u00bb heading_semantic=\u00bbp\u00bb text_size=\u00bbh3&#8243; text_weight=\u00bb400&#8243; uncode_shortcode_id=\u00bb168382&#8243; text_color_type=\u00bbuncode-palette\u00bb]De 10.00 a 14.00 h &#8211; Visitas privadas a partir de las 11.00 h.<br \/>\n[\/vc_custom_heading][vc_empty_space empty_h=\u00bb2&#8243; mobile_visibility=\u00bbyes\u00bb][\/vc_column_inner][\/vc_row_inner][vc_separator sep_color=\u00bb,Default\u00bb][vc_row_inner row_inner_height_percent=\u00bb0&#8243; overlay_alpha=\u00bb50&#8243; gutter_size=\u00bb5&#8243; shift_y=\u00bb0&#8243; z_index=\u00bb0&#8243; limit_content=\u00bb\u00bb uncode_shortcode_id=\u00bb715031&#8243;][vc_column_inner width=\u00bb5\/12&#8243;][vc_custom_heading heading_semantic=\u00bbh3&#8243; text_size=\u00bbh3&#8243; uncode_shortcode_id=\u00bb148806&#8243;]\ud83c\udfe1 VENTAJAS EXCLUSIVAS PARA EL EVENTO :[\/vc_custom_heading][\/vc_column_inner][vc_column_inner column_width_percent=\u00bb100&#8243; gutter_size=\u00bb2&#8243; overlay_alpha=\u00bb50&#8243; shift_x=\u00bb0&#8243; shift_y=\u00bb0&#8243; shift_y_down=\u00bb0&#8243; z_index=\u00bb0&#8243; medium_width=\u00bb0&#8243; mobile_width=\u00bb0&#8243; width=\u00bb6\/12&#8243; uncode_shortcode_id=\u00bb129883&#8243;][vc_custom_heading text_color=\u00bbcolor-wvjs\u00bb heading_semantic=\u00bbp\u00bb text_size=\u00bbh3&#8243; text_weight=\u00bb300&#8243; uncode_shortcode_id=\u00bb166428&#8243; text_color_type=\u00bbuncode-palette\u00bb]Descuento excepcional de 15.000 $ en tu compra<br \/>\nFinanciaci\u00f3n del 100% del terreno sin entrada<br \/>\nComisi\u00f3n de 4.000 $ para los intermediarios que acompa\u00f1en a sus clientes[\/vc_custom_heading][vc_empty_space empty_h=\u00bb2&#8243; mobile_visibility=\u00bbyes\u00bb][\/vc_column_inner][\/vc_row_inner][vc_separator sep_color=\u00bb,Default\u00bb][vc_row_inner row_inner_height_percent=\u00bb0&#8243; overlay_alpha=\u00bb50&#8243; gutter_size=\u00bb5&#8243; shift_y=\u00bb0&#8243; z_index=\u00bb0&#8243; limit_content=\u00bb\u00bb uncode_shortcode_id=\u00bb715031&#8243;][vc_column_inner width=\u00bb5\/12&#8243;][vc_custom_heading heading_semantic=\u00bbh3&#8243; text_size=\u00bbh3&#8243; uncode_shortcode_id=\u00bb166421&#8243;]\ud83c\udf04 LE DOMAINE SOMMETS DES MONTAGNES TE OFRECE :[\/vc_custom_heading][\/vc_column_inner][vc_column_inner column_width_percent=\u00bb100&#8243; gutter_size=\u00bb2&#8243; overlay_alpha=\u00bb50&#8243; shift_x=\u00bb0&#8243; shift_y=\u00bb0&#8243; shift_y_down=\u00bb0&#8243; z_index=\u00bb0&#8243; medium_width=\u00bb0&#8243; mobile_width=\u00bb0&#8243; width=\u00bb6\/12&#8243; uncode_shortcode_id=\u00bb129883&#8243;][vc_custom_heading text_color=\u00bbcolor-wvjs\u00bb heading_semantic=\u00bbp\u00bb text_size=\u00bbh3&#8243; text_weight=\u00bb300&#8243; uncode_shortcode_id=\u00bb420603&#8243; text_color_type=\u00bbuncode-palette\u00bb]33 parcelas de 55.000 a 230.000 pies cuadrados<br \/>\nImpresionantes vistas a la monta\u00f1a<br \/>\nAcceso notarial a la playa de Lac Jaune (2 min. en coche)<br \/>\nSe permiten alquileres a corto plazo (Airbnb)<br \/>\nCerca de servicios y actividades al aire libre[\/vc_custom_heading][\/vc_column_inner][\/vc_row_inner][vc_separator sep_color=\u00bb,Default\u00bb][vc_row_inner row_inner_height_percent=\u00bb0&#8243; overlay_alpha=\u00bb50&#8243; gutter_size=\u00bb5&#8243; shift_y=\u00bb0&#8243; z_index=\u00bb0&#8243; limit_content=\u00bb\u00bb uncode_shortcode_id=\u00bb715031&#8243;][vc_column_inner width=\u00bb5\/12&#8243;][vc_custom_heading heading_semantic=\u00bbh3&#8243; text_size=\u00bbh3&#8243; uncode_shortcode_id=\u00bb136359&#8243;]\ud83d\udc65 QUI\u00c9N DEBE PARTICIPAR:[\/vc_custom_heading][\/vc_column_inner][vc_column_inner column_width_percent=\u00bb100&#8243; gutter_size=\u00bb2&#8243; overlay_alpha=\u00bb50&#8243; shift_x=\u00bb0&#8243; shift_y=\u00bb0&#8243; shift_y_down=\u00bb0&#8243; z_index=\u00bb0&#8243; medium_width=\u00bb0&#8243; mobile_width=\u00bb0&#8243; width=\u00bb6\/12&#8243; uncode_shortcode_id=\u00bb129883&#8243;][vc_custom_heading text_color=\u00bbcolor-wvjs\u00bb heading_semantic=\u00bbp\u00bb text_size=\u00bbh3&#8243; text_weight=\u00bb300&#8243; uncode_shortcode_id=\u00bb103560&#8243; text_color_type=\u00bbuncode-palette\u00bb]Inversores inmobiliarios en busca de oportunidades de alquiler<br \/>\nParticulares que buscan comprar una segunda o principal vivienda<br \/>\nAmantes del aire libre y la naturaleza<br \/>\nCorredores inmobiliarios que apoyan a sus clientes[\/vc_custom_heading][\/vc_column_inner][\/vc_row_inner][vc_separator sep_color=\u00bb,Default\u00bb][vc_row_inner row_inner_height_percent=\u00bb0&#8243; overlay_alpha=\u00bb50&#8243; gutter_size=\u00bb5&#8243; shift_y=\u00bb0&#8243; z_index=\u00bb0&#8243; limit_content=\u00bb\u00bb uncode_shortcode_id=\u00bb715031&#8243;][vc_column_inner width=\u00bb5\/12&#8243;][vc_custom_heading heading_semantic=\u00bbh3&#8243; text_size=\u00bbh3&#8243; uncode_shortcode_id=\u00bb523852&#8243;]\ud83d\udcb0 Descuento especial :[\/vc_custom_heading][\/vc_column_inner][vc_column_inner column_width_percent=\u00bb100&#8243; gutter_size=\u00bb2&#8243; overlay_alpha=\u00bb50&#8243; shift_x=\u00bb0&#8243; shift_y=\u00bb0&#8243; shift_y_down=\u00bb0&#8243; z_index=\u00bb0&#8243; medium_width=\u00bb0&#8243; mobile_width=\u00bb0&#8243; width=\u00bb6\/12&#8243; uncode_shortcode_id=\u00bb129883&#8243;][vc_custom_heading text_color=\u00bbcolor-wvjs\u00bb heading_semantic=\u00bbp\u00bb text_size=\u00bbh3&#8243; text_weight=\u00bb300&#8243; uncode_shortcode_id=\u00bb168353&#8243; text_color_type=\u00bbuncode-palette\u00bb]Descuento excepcional de 20.000 $ en las 10 \u00faltimas parcelas restantes.<br \/>\nSujeto a condiciones y selecci\u00f3n.[\/vc_custom_heading][\/vc_column_inner][\/vc_row_inner][vc_separator sep_color=\u00bb,Default\u00bb][vc_row_inner row_inner_height_percent=\u00bb0&#8243; overlay_alpha=\u00bb50&#8243; gutter_size=\u00bb5&#8243; shift_y=\u00bb0&#8243; z_index=\u00bb0&#8243; limit_content=\u00bb\u00bb uncode_shortcode_id=\u00bb715031&#8243;][vc_column_inner width=\u00bb5\/12&#8243;][vc_custom_heading heading_semantic=\u00bbh3&#8243; text_size=\u00bbh3&#8243; uncode_shortcode_id=\u00bb139859&#8243;]\ud83d\udea8 Nuevo modelo :[\/vc_custom_heading][\/vc_column_inner][vc_column_inner column_width_percent=\u00bb100&#8243; gutter_size=\u00bb2&#8243; overlay_alpha=\u00bb50&#8243; shift_x=\u00bb0&#8243; shift_y=\u00bb0&#8243; shift_y_down=\u00bb0&#8243; z_index=\u00bb0&#8243; medium_width=\u00bb0&#8243; mobile_width=\u00bb0&#8243; width=\u00bb6\/12&#8243; uncode_shortcode_id=\u00bb129883&#8243;][vc_custom_heading text_color=\u00bbcolor-wvjs\u00bb heading_semantic=\u00bbp\u00bb text_size=\u00bbh3&#8243; text_weight=\u00bb300&#8243; uncode_shortcode_id=\u00bb109857&#8243; text_color_type=\u00bbuncode-palette\u00bb]Presentamos nuestro nuevo modelo de 450.000[\/vc_custom_heading][\/vc_column_inner][\/vc_row_inner][\/vc_column][\/vc_row][vc_row unlock_row_content=\u00bbyes\u00bb row_height_percent=\u00bb0&#8243; override_padding=\u00bbyes\u00bb h_padding=\u00bb7&#8243; top_padding=\u00bb5&#8243; bottom_padding=\u00bb3&#8243; overlay_alpha=\u00bb50&#8243; gutter_size=\u00bb4&#8243; column_width_percent=\u00bb100&#8243; shift_y=\u00bb0&#8243; z_index=\u00bb0&#8243; content_parallax=\u00bb0&#8243; uncode_shortcode_id=\u00bb621486&#8243;][vc_column column_width_percent=\u00bb100&#8243; align_horizontal=\u00bbalign_center\u00bb gutter_size=\u00bb4&#8243; overlay_alpha=\u00bb50&#8243; shift_x=\u00bb0&#8243; shift_y=\u00bb0&#8243; shift_y_down=\u00bb0&#8243; z_index=\u00bb0&#8243; medium_width=\u00bb0&#8243; mobile_width=\u00bb0&#8243; width=\u00bb1\/1&#8243; uncode_shortcode_id=\u00bb187569&#8243;][vc_separator sep_color=\u00bb\u00bb uncode_shortcode_id=\u00bb473947&#8243;][vc_custom_heading text_size=\u00bbcustom\u00bb uncode_shortcode_id=\u00bb199505&#8243; heading_custom_size=\u00bbclamp(25px,5vw,35px)\u00bb]<\/p>\n<div class=\"elementToProof\">RESERVA TU ENTRADA PARA LA JORNADA DE PUERTAS ABIERTAS<\/div>\n<div class=\"elementToProof\"><\/div>\n<div class=\"elementToProof\">Las plazas son limitadas para garantizar una experiencia personalizada.<\/div>\n<p>[\/vc_custom_heading][\/vc_column][\/vc_row]<\/p>\n<\/div>","protected":false},"excerpt":{"rendered":"<p>[vc_row row_height_percent=\u00bb40&#8243; override_padding=\u00bbyes\u00bb h_padding=\u00bb2&#8243; top_padding=\u00bb5&#8243; bottom_padding=\u00bb5&#8243; back_color=\u00bbcolor-wayh\u00bb back_image=\u00bb155956&#8243; overlay_color=\u00bbaccent\u00bb overlay_alpha=\u00bb50&#8243; gutter_size=\u00bb3&#8243; column_width_percent=\u00bb100&#8243; shift_y=\u00bb0&#8243; z_index=\u00bb0&#8243; top_divider=\u00bbgradient\u00bb content_parallax=\u00bb0&#8243; uncode_shortcode_id=\u00bb874059&#8243; back_color_type=\u00bbuncode-palette\u00bb overlay_color_type=\u00bbuncode-palette\u00bb][vc_column column_width_percent=\u00bb100&#8243; [&hellip;]<\/p>\n","protected":false},"author":2,"featured_media":0,"parent":0,"menu_order":0,"comment_status":"closed","ping_status":"closed","template":"","meta":{"footnotes":""},"class_list":["post-156845","page","type-page","status-publish","hentry"],"aioseo_notices":[],"_links":{"self":[{"href":"https:\/\/groupelykke.com\/es\/wp-json\/wp\/v2\/pages\/156845","targetHints":{"allow":["GET"]}}],"collection":[{"href":"https:\/\/groupelykke.com\/es\/wp-json\/wp\/v2\/pages"}],"about":[{"href":"https:\/\/groupelykke.com\/es\/wp-json\/wp\/v2\/types\/page"}],"author":[{"embeddable":true,"href":"https:\/\/groupelykke.com\/es\/wp-json\/wp\/v2\/users\/2"}],"replies":[{"embeddable":true,"href":"https:\/\/groupelykke.com\/es\/wp-json\/wp\/v2\/comments?post=156845"}],"version-history":[{"count":2,"href":"https:\/\/groupelykke.com\/es\/wp-json\/wp\/v2\/pages\/156845\/revisions"}],"predecessor-version":[{"id":156847,"href":"https:\/\/groupelykke.com\/es\/wp-json\/wp\/v2\/pages\/156845\/revisions\/156847"}],"wp:attachment":[{"href":"https:\/\/groupelykke.com\/es\/wp-json\/wp\/v2\/media?parent=156845"}],"curies":[{"name":"wp","href":"https:\/\/api.w.org\/{rel}","templated":true}]}}